{"id":572,"date":"2015-07-23T23:40:55","date_gmt":"2015-07-23T21:40:55","guid":{"rendered":"https:\/\/www.vfdb.org\/aktuell\/?page_id=572"},"modified":"2024-01-10T19:46:00","modified_gmt":"2024-01-10T18:46:00","slug":"komitee","status":"publish","type":"page","link":"https:\/\/www.vfdb.org\/aktuell\/organisation\/ehrennadelausschuss\/komitee\/","title":{"rendered":"Komitee"},"content":{"rendered":"<p>Antr\u00e4ge auf Verleihung einer Ehrennadel k\u00f6nnen vom Vorstand, den Referenten und den BVV oder deren Vertreter an den ENA \u00fcber die Gesch\u00e4ftsstelle eingereicht werden. OVV oder deren Vertreter richten Antr\u00e4ge an ihren BV-Vorstand, der sie bei Bef\u00fcrwortung an die Gesch\u00e4ftsstelle weiterleitet. Die Antr\u00e4ge sind ausreichend zu begr\u00fcnden. Sie m\u00fcssen au\u00dferdem folgende Daten (Art der Ehrennadel Silber\/Gold, Name, Vorname, Rufzeichen) des Vorgeschlagenen enthalten.<\/p>\n<p>Der Ehrennadelausschu\u00df entscheidet in eigener Zust\u00e4ndigkeit.<\/p>\n<p>Mitglieder im Ehrennadelausschuss sind:<\/p>\n<ul>\n<li>Dieter Weik, DL1HM<\/li>\n<li>B\u00e4rbel Linge, DL7AFS<\/li>\n<li>NN<\/li>\n<\/ul>\n","protected":false},"excerpt":{"rendered":"<p>Antr\u00e4ge auf Verleihung einer Ehrennadel k\u00f6nnen vom Vorstand, den Referenten und den BVV oder deren Vertreter an den ENA \u00fcber die Gesch\u00e4ftsstelle eingereicht werden. OVV oder deren Vertreter richten Antr\u00e4ge an ihren BV-Vorstand, der sie bei Bef\u00fcrwortung an die Gesch\u00e4ftsstelle weiterleitet. Die Antr\u00e4ge sind ausreichend zu begr\u00fcnden. Sie m\u00fcssen au\u00dferdem folgende Daten (Art der Ehrennadel&hellip; <a href=\"https:\/\/www.vfdb.org\/aktuell\/organisation\/ehrennadelausschuss\/komitee\/\">Weiterlesen <span class=\"meta-nav\">&rarr;<\/span><\/a><\/p>\n","protected":false},"author":2,"featured_media":0,"parent":546,"menu_order":0,"comment_status":"closed","ping_status":"open","template":"","meta":{"footnotes":""},"class_list":["post-572","page","type-page","status-publish","hentry"],"_links":{"self":[{"href":"https:\/\/www.vfdb.org\/aktuell\/wp-json\/wp\/v2\/pages\/572","targetHints":{"allow":["GET"]}}],"collection":[{"href":"https:\/\/www.vfdb.org\/aktuell\/wp-json\/wp\/v2\/pages"}],"about":[{"href":"https:\/\/www.vfdb.org\/aktuell\/wp-json\/wp\/v2\/types\/page"}],"author":[{"embeddable":true,"href":"https:\/\/www.vfdb.org\/aktuell\/wp-json\/wp\/v2\/users\/2"}],"replies":[{"embeddable":true,"href":"https:\/\/www.vfdb.org\/aktuell\/wp-json\/wp\/v2\/comments?post=572"}],"version-history":[{"count":10,"href":"https:\/\/www.vfdb.org\/aktuell\/wp-json\/wp\/v2\/pages\/572\/revisions"}],"predecessor-version":[{"id":5373,"href":"https:\/\/www.vfdb.org\/aktuell\/wp-json\/wp\/v2\/pages\/572\/revisions\/5373"}],"up":[{"embeddable":true,"href":"https:\/\/www.vfdb.org\/aktuell\/wp-json\/wp\/v2\/pages\/546"}],"wp:attachment":[{"href":"https:\/\/www.vfdb.org\/aktuell\/wp-json\/wp\/v2\/media?parent=572"}],"curies":[{"name":"wp","href":"https:\/\/api.w.org\/{rel}","templated":true}]}}